{"id":42192,"date":"2023-03-24T15:58:05","date_gmt":"2023-03-24T15:58:05","guid":{"rendered":"https:\/\/www.ccis.ad\/strategie\/"},"modified":"2023-03-24T15:58:10","modified_gmt":"2023-03-24T15:58:10","slug":"strategie","status":"publish","type":"page","link":"https:\/\/www.ccis.ad\/fr\/strategie\/","title":{"rendered":"strat\u00e9gie"},"content":{"rendered":"<div class=\"wpb-content-wrapper\"><p>[vc_row][vc_column][vc_column_text]Les lignes d&rsquo;action de la Chambre pour les ann\u00e9es \u00e0 venir visent \u00e0 \u00eatre une institution de r\u00e9f\u00e9rence dans la r\u00e9flexion strat\u00e9gique \u00e0 long terme, r\u00e9pondant aux enjeux du pays et contribuant ainsi \u00e0 un mod\u00e8le \u00e9conomique g\u00e9n\u00e9rateur de dynamisme et de nouvelles formules d&rsquo;activit\u00e9 :<\/p>\n<p><span style=\"color: #ffffff;\">.<\/span>[\/vc_column_text][\/vc_column][\/vc_row][vc_row css=\u00a0\u00bb.vc_custom_1638788854045{padding-right: 20px !important;padding-left: 20px !important;}\u00a0\u00bb][vc_column width=\u00a0\u00bb1\/2&Prime;][vc_row_inner][vc_column_inner width=\u00a0\u00bb1\/6&Prime;]<div class=\"gem-icon gem-icon-pack-material gem-icon-size-medium  gem-icon-shape-square gem-simple-icon \"  style=\"opacity: 1;\"><div class=\"gem-icon-inner\" style=\"\"><span class=\"gem-icon-half-1\" style=\"color: #1463a8;\"><span class=\"back-angle\">&#xf1fe;<\/span><\/span><span class=\"gem-icon-half-2\" style=\"color: #1463a8;\"><span class=\"back-angle\">&#xf1fe;<\/span><\/span><\/div><\/div>[\/vc_column_inner][vc_column_inner width=\u00a0\u00bb5\/6&Prime;][vc_column_text]<\/p>\n<h5>OUVERTURE ET DIVERSIFICATION ECONOMIQUE<\/h5>\n<p>Contribuer \u00e0 favoriser l&rsquo;acc\u00e8s et la cr\u00e9ation de nouveaux secteurs d&rsquo;activit\u00e9 \u00e9conomique par la proposition et la r\u00e9alisation d&rsquo;initiatives favorables \u00e0 cette fin.[\/vc_column_text][\/vc_column_inner][\/vc_row_inner][\/vc_column][vc_column width=\u00a0\u00bb1\/2&Prime;][vc_row_inner][vc_column_inner width=\u00a0\u00bb1\/6&Prime;]<div class=\"gem-icon gem-icon-pack-material gem-icon-size-medium  gem-icon-shape-square gem-simple-icon \"  style=\"opacity: 1;\"><div class=\"gem-icon-inner\" style=\"\"><span class=\"gem-icon-half-1\" style=\"color: #1463a8;\"><span class=\"back-angle\">&#xf1fe;<\/span><\/span><span class=\"gem-icon-half-2\" style=\"color: #1463a8;\"><span class=\"back-angle\">&#xf1fe;<\/span><\/span><\/div><\/div>[\/vc_column_inner][vc_column_inner width=\u00a0\u00bb5\/6&Prime;][vc_column_text]<\/p>\n<h5>AM\u00c9LIORATION ET EXPANSION DES INFRASTRUCTURES DE COMMUNICATION<\/h5>\n<p>L&rsquo;am\u00e9lioration et l&rsquo;expansion des infrastructures de communication est un point essentiel pour maintenir la comp\u00e9titivit\u00e9 et le dynamisme \u00e9conomique d&rsquo;Andorre. La Chambre apporte des \u00e9l\u00e9ments de d\u00e9bat \u00e0 la planification strat\u00e9gique du territoire, \u00e9tant donn\u00e9 que le r\u00f4le des infrastructures de communication est un enjeu central dans l&rsquo;analyse et la planification du d\u00e9veloppement \u00e9conomique du pays.[\/vc_column_text][\/vc_column_inner][\/vc_row_inner][\/vc_column][\/vc_row][vc_row css=\u00a0\u00bb.vc_custom_1638788854045{padding-right: 20px !important;padding-left: 20px !important;}\u00a0\u00bb][vc_column width=\u00a0\u00bb1\/2&Prime;][vc_row_inner][vc_column_inner width=\u00a0\u00bb1\/6&Prime;]<div class=\"gem-icon gem-icon-pack-material gem-icon-size-medium  gem-icon-shape-square gem-simple-icon \"  style=\"opacity: 1;\"><div class=\"gem-icon-inner\" style=\"\"><span class=\"gem-icon-half-1\" style=\"color: #1463a8;\"><span class=\"back-angle\">&#xf1fe;<\/span><\/span><span class=\"gem-icon-half-2\" style=\"color: #1463a8;\"><span class=\"back-angle\">&#xf1fe;<\/span><\/span><\/div><\/div>[\/vc_column_inner][vc_column_inner width=\u00a0\u00bb5\/6&Prime;][vc_column_text]<\/p>\n<h5>\u00c9VOLUTION DU MOD\u00c8LE TOURISTIQUE ET COMMERCIAL<\/h5>\n<p>L&rsquo;Andorre poss\u00e8de de grands atouts, qui nous permettront d&rsquo;\u00e9largir notre public cible et de r\u00e9aliser un tourisme ax\u00e9 sur la promotion de la nature, du bien-\u00eatre, du sport, de la culture et de la s\u00e9curit\u00e9. Notre objectif est d&rsquo;encourager une \u00e9volution du mod\u00e8le touristique et commercial vers la durabilit\u00e9 et la diff\u00e9renciation, et qui apporte une plus grande valeur ajout\u00e9e.[\/vc_column_text][\/vc_column_inner][\/vc_row_inner][\/vc_column][vc_column width=\u00a0\u00bb1\/2&Prime;][vc_row_inner][vc_column_inner width=\u00a0\u00bb1\/6&Prime;]<div class=\"gem-icon gem-icon-pack-material gem-icon-size-medium  gem-icon-shape-square gem-simple-icon \"  style=\"opacity: 1;\"><div class=\"gem-icon-inner\" style=\"\"><span class=\"gem-icon-half-1\" style=\"color: #1463a8;\"><span class=\"back-angle\">&#xf1fe;<\/span><\/span><span class=\"gem-icon-half-2\" style=\"color: #1463a8;\"><span class=\"back-angle\">&#xf1fe;<\/span><\/span><\/div><\/div>[\/vc_column_inner][vc_column_inner width=\u00a0\u00bb5\/6&Prime;][vc_column_text]<\/p>\n<h5>IMPACT DE L&rsquo;ACCORD D&rsquo;ASSOCIATION \u00c0 L&rsquo;UE SUR LES ENTREPRISES<\/h5>\n<p>Il est de notre responsabilit\u00e9, en tant qu&rsquo;organe consultatif, d&rsquo;analyser et de formuler les recommandations n\u00e9cessaires pour contribuer \u00e0 ce que le futur accord d&rsquo;association avec l&rsquo;UE apporte des avantages tangibles au pays.[\/vc_column_text][\/vc_column_inner][\/vc_row_inner][\/vc_column][\/vc_row][vc_row css=\u00a0\u00bb.vc_custom_1638788854045{padding-right: 20px !important;padding-left: 20px !important;}\u00a0\u00bb][vc_column width=\u00a0\u00bb1\/2&Prime;][vc_row_inner][vc_column_inner width=\u00a0\u00bb1\/6&Prime;]<div class=\"gem-icon gem-icon-pack-material gem-icon-size-medium  gem-icon-shape-square gem-simple-icon \"  style=\"opacity: 1;\"><div class=\"gem-icon-inner\" style=\"\"><span class=\"gem-icon-half-1\" style=\"color: #1463a8;\"><span class=\"back-angle\">&#xf1fe;<\/span><\/span><span class=\"gem-icon-half-2\" style=\"color: #1463a8;\"><span class=\"back-angle\">&#xf1fe;<\/span><\/span><\/div><\/div>[\/vc_column_inner][vc_column_inner width=\u00a0\u00bb5\/6&Prime;][vc_column_text]<\/p>\n<h5>R\u00c9TENTION, ATTRACTION ET FORMATION DES TALENTS<\/h5>\n<p>En tant qu&rsquo;agent \u00e9conomique et catalyseur d&rsquo;activit\u00e9, nous jouons un r\u00f4le proactif pour contribuer \u00e0 consolider l&rsquo;implantation des talents en Andorre. Pour cette raison, notre objectif est de promouvoir des programmes pour attirer, d\u00e9velopper et retenir les talents dans les entreprises.[\/vc_column_text][\/vc_column_inner][\/vc_row_inner][\/vc_column][vc_column width=\u00a0\u00bb1\/2&Prime;][vc_row_inner][vc_column_inner width=\u00a0\u00bb1\/6&Prime;]<div class=\"gem-icon gem-icon-pack-material gem-icon-size-medium  gem-icon-shape-square gem-simple-icon \"  style=\"opacity: 1;\"><div class=\"gem-icon-inner\" style=\"\"><span class=\"gem-icon-half-1\" style=\"color: #1463a8;\"><span class=\"back-angle\">&#xf1fe;<\/span><\/span><span class=\"gem-icon-half-2\" style=\"color: #1463a8;\"><span class=\"back-angle\">&#xf1fe;<\/span><\/span><\/div><\/div>[\/vc_column_inner][vc_column_inner width=\u00a0\u00bb5\/6&Prime;][vc_column_text]<\/p>\n<h5>PROMOTION ECONOMIQUE DE L&rsquo;ANDORRE A L&rsquo;ETRANGER<\/h5>\n<p>Nous voulons promouvoir le pays \u00e0 l&rsquo;\u00e9chelle internationale en participant \u00e0 des forums qui permettent d&rsquo;\u00e9tablir de nouvelles relations d&rsquo;affaires, d&rsquo;am\u00e9liorer les relations ext\u00e9rieures et de promouvoir le dynamisme \u00e9conomique international.[\/vc_column_text][\/vc_column_inner][\/vc_row_inner][\/vc_column][\/vc_row][vc_row css=\u00a0\u00bb.vc_custom_1638788854045{padding-right: 20px !important;padding-left: 20px !important;}\u00a0\u00bb][vc_column width=\u00a0\u00bb1\/2&Prime;][vc_row_inner][vc_column_inner width=\u00a0\u00bb1\/6&Prime;]<div class=\"gem-icon gem-icon-pack-material gem-icon-size-medium  gem-icon-shape-square gem-simple-icon \"  style=\"opacity: 1;\"><div class=\"gem-icon-inner\" style=\"\"><span class=\"gem-icon-half-1\" style=\"color: #1463a8;\"><span class=\"back-angle\">&#xf1fe;<\/span><\/span><span class=\"gem-icon-half-2\" style=\"color: #1463a8;\"><span class=\"back-angle\">&#xf1fe;<\/span><\/span><\/div><\/div>[\/vc_column_inner][vc_column_inner width=\u00a0\u00bb5\/6&Prime;][vc_column_text]<\/p>\n<h5>INNOVATION ET TRANSFORMATION DIGITALE DANS LES ENTREPRISES<\/h5>\n<p>Notre objectif est d&rsquo;aider l&rsquo;ensemble du tissu d&rsquo;entreprise \u00e0 atteindre un niveau de maturit\u00e9 num\u00e9rique optimal, \u00e0 travers des projets et des formations pour devenir plus comp\u00e9titif.[\/vc_column_text][\/vc_column_inner][\/vc_row_inner][\/vc_column][vc_column width=\u00a0\u00bb1\/2&Prime;][vc_row_inner][vc_column_inner width=\u00a0\u00bb1\/6&Prime;]<div class=\"gem-icon gem-icon-pack-material gem-icon-size-medium  gem-icon-shape-square gem-simple-icon \"  style=\"opacity: 1;\"><div class=\"gem-icon-inner\" style=\"\"><span class=\"gem-icon-half-1\" style=\"color: #1463a8;\"><span class=\"back-angle\">&#xf1fe;<\/span><\/span><span class=\"gem-icon-half-2\" style=\"color: #1463a8;\"><span class=\"back-angle\">&#xf1fe;<\/span><\/span><\/div><\/div>[\/vc_column_inner][vc_column_inner width=\u00a0\u00bb5\/6&Prime;][vc_column_text]<\/p>\n<h5>\u00c9CONOMIE DURABLE ET CIRCULAIRE<\/h5>\n<p>Nous promouvons le mod\u00e8le d&rsquo;\u00e9conomie durable et l&rsquo;int\u00e9gration de crit\u00e8res de durabilit\u00e9 \u00e0 travers la cr\u00e9ation de programmes et de formations sp\u00e9cifiques dans ce domaine, en tenant toujours compte des objectifs de d\u00e9veloppement durable des Nations Unies.[\/vc_column_text][\/vc_column_inner][\/vc_row_inner][\/vc_column][\/vc_row][vc_row css=\u00a0\u00bb.vc_custom_1638788854045{padding-right: 20px !important;padding-left: 20px !important;}\u00a0\u00bb][vc_column width=\u00a0\u00bb1\/2&Prime;][vc_row_inner][vc_column_inner width=\u00a0\u00bb1\/6&Prime;]<div class=\"gem-icon gem-icon-pack-material gem-icon-size-medium  gem-icon-shape-square gem-simple-icon \"  style=\"opacity: 1;\"><div class=\"gem-icon-inner\" style=\"\"><span class=\"gem-icon-half-1\" style=\"color: #1463a8;\"><span class=\"back-angle\">&#xf1fe;<\/span><\/span><span class=\"gem-icon-half-2\" style=\"color: #1463a8;\"><span class=\"back-angle\">&#xf1fe;<\/span><\/span><\/div><\/div>[\/vc_column_inner][vc_column_inner width=\u00a0\u00bb5\/6&Prime;][vc_column_text]<\/p>\n<h5>R\u00c9SOLUTION DES CONFLITS COMMERCIAUX<\/h5>\n<p>Nous promouvons les syst\u00e8mes alternatifs de r\u00e8glement des litiges commerciaux aupr\u00e8s des tribunaux, dans le but de les r\u00e9soudre avec souplesse, impartialit\u00e9 et efficacit\u00e9.[\/vc_column_text][\/vc_column_inner][\/vc_row_inner][\/vc_column][vc_column width=\u00a0\u00bb1\/2&Prime;][\/vc_column][\/vc_row]<\/p>\n<\/div>","protected":false},"excerpt":{"rendered":"<p>[vc_row][vc_column][vc_column_text]Les lignes d&rsquo;action de la Chambre pour les ann\u00e9es \u00e0 venir visent \u00e0 \u00eatre une institution de r\u00e9f\u00e9rence dans la r\u00e9flexion strat\u00e9gique \u00e0 long terme, r\u00e9pondant aux enjeux du pays et contribuant ainsi \u00e0 un&#8230;<\/p>\n","protected":false},"author":52,"featured_media":0,"parent":0,"menu_order":0,"comment_status":"closed","ping_status":"closed","template":"","meta":{"footnotes":""},"class_list":["post-42192","page","type-page","status-publish"],"_links":{"self":[{"href":"https:\/\/www.ccis.ad\/fr\/wp-json\/wp\/v2\/pages\/42192","targetHints":{"allow":["GET"]}}],"collection":[{"href":"https:\/\/www.ccis.ad\/fr\/wp-json\/wp\/v2\/pages"}],"about":[{"href":"https:\/\/www.ccis.ad\/fr\/wp-json\/wp\/v2\/types\/page"}],"author":[{"embeddable":true,"href":"https:\/\/www.ccis.ad\/fr\/wp-json\/wp\/v2\/users\/52"}],"replies":[{"embeddable":true,"href":"https:\/\/www.ccis.ad\/fr\/wp-json\/wp\/v2\/comments?post=42192"}],"version-history":[{"count":1,"href":"https:\/\/www.ccis.ad\/fr\/wp-json\/wp\/v2\/pages\/42192\/revisions"}],"predecessor-version":[{"id":42223,"href":"https:\/\/www.ccis.ad\/fr\/wp-json\/wp\/v2\/pages\/42192\/revisions\/42223"}],"wp:attachment":[{"href":"https:\/\/www.ccis.ad\/fr\/wp-json\/wp\/v2\/media?parent=42192"}],"curies":[{"name":"wp","href":"https:\/\/api.w.org\/{rel}","templated":true}]}}